{"id":2325,"date":"2022-07-20T14:19:16","date_gmt":"2022-07-20T12:19:16","guid":{"rendered":"https:\/\/dkollektiv.org\/dkollage\/?page_id=2325"},"modified":"2023-12-08T14:59:26","modified_gmt":"2023-12-08T13:59:26","slug":"cicatrice-urbaine","status":"publish","type":"page","link":"https:\/\/dkollektiv.org\/dkollage\/cicatrice-urbaine\/","title":{"rendered":"CICATRICE URBAINE"},"content":{"rendered":"\n<h2 class=\"wp-block-heading\"><strong>Un appel \u00e0 projets cr\u00e9atifs<\/strong><\/h2>\n\n\n\n<figure class=\"wp-block-image size-large\"><img loading=\"lazy\" decoding=\"async\" width=\"1024\" height=\"687\" src=\"https:\/\/dkollektiv.org\/wp-content\/uploads\/2022\/07\/Bildschirmfoto-2022-07-06-um-18.28.04_2-1-1024x687.png\" alt=\"\" class=\"wp-image-2330\" srcset=\"https:\/\/dkollektiv.org\/wp-content\/uploads\/2022\/07\/Bildschirmfoto-2022-07-06-um-18.28.04_2-1-1024x687.png 1024w, https:\/\/dkollektiv.org\/wp-content\/uploads\/2022\/07\/Bildschirmfoto-2022-07-06-um-18.28.04_2-1-300x201.png 300w, https:\/\/dkollektiv.org\/wp-content\/uploads\/2022\/07\/Bildschirmfoto-2022-07-06-um-18.28.04_2-1-768x515.png 768w, https:\/\/dkollektiv.org\/wp-content\/uploads\/2022\/07\/Bildschirmfoto-2022-07-06-um-18.28.04_2-1.png 1030w\" sizes=\"auto, (max-width: 1024px) 100vw, 1024px\" \/><\/figure>\n\n\n\n<blockquote class=\"wp-block-quote is-layout-flow wp-block-quote-is-layout-flow\">\n<p>Dans le cadre de la premi\u00e8re saison du VEWA, le DKollektiv lance un appel&nbsp;\u00e0 propositions pour tout projet autour de&nbsp;la th\u00e9matique de la \u00ab&nbsp;cicatrice urbaine&nbsp;\u00bb.<\/p>\n<\/blockquote>\n\n\n\n<p>Ouvert \u00e0 l\u2019interpr\u00e9tation, l\u2019id\u00e9e d\u2019une cicatrice, qui s\u2019est form\u00e9e dans la vall\u00e9e o\u00f9 se trouve le site post-industriel d\u2019aujourd\u2019hui, constitue le fil rouge de la nouvelle programmation.<\/p>\n\n\n\n<p>La terre garde des traces. Cette m\u00e9taphore incite \u00e0 la r\u00e9flexion, \u00e0 l\u2019\u00e9change, \u00e0 l\u2019expression et \u00e0 la cr\u00e9ation sous formes diverses.&nbsp;<\/p>\n\n\n\n<p>\u00c0 nous de faire face&nbsp;\u00e0 ce paysage marqu\u00e9 par les blessures et le processus de gu\u00e9rison, d\u2019habiter cet espace, de le faire vivre, de trouver de nouvelles mani\u00e8res d\u2019intervenir et d\u2019interagir avec cet environnement et d\u2019y apporter une signification.<\/p>\n\n\n\n<p>Le territoire de la \u00ab&nbsp;cicatrice urbaine&nbsp;\u00bb forme un champ d\u2019actions, qui peuvent \u00eatre d\u00e9cal\u00e9es ou r\u00e9alistes, concr\u00e8tes ou abstraites, sinon virtuelles, d\u2019ordre esth\u00e9tique ou technique ou th\u00e9orique, utopique ou dystopique.&nbsp;<\/p>\n\n\n\n<p>Le VEWA est un lieu o\u00f9 peuvent \u00eatre r\u00e9alis\u00e9s des projets artistiques, collectifs et cr\u00e9atifs, o\u00f9 de nouvelles voies sont explor\u00e9es&nbsp;: que ce soit dans le registre du visuel ou du sonore, de l\u2019artisanat ou de la performance, social ou litt\u00e9raire \u2026<\/p>\n\n\n\n<p>Les contributions sont libres et peuvent \u00eatre r\u00e9alis\u00e9es selon diff\u00e9rents modes d\u2019expression&nbsp;! Les propositions exp\u00e9rimentales sont encourag\u00e9es.<\/p>\n\n\n\n<blockquote class=\"wp-block-quote is-layout-flow wp-block-quote-is-layout-flow\">\n<p>\u00cates-vous pr\u00eats \u00e0 r\u00eaver, \u00e0 construire, \u00e0 cr\u00e9er&nbsp;?&nbsp;<\/p>\n<\/blockquote>\n\n\n\n<p>2022-2023<\/p>\n","protected":false},"excerpt":{"rendered":"<p>Un appel \u00e0 projets cr\u00e9atifs Dans le cadre de la premi\u00e8re saison du VEWA, le DKollektiv lance un appel&nbsp;\u00e0 propositions pour tout projet autour de&nbsp;la th\u00e9matique de la \u00ab&nbsp;cicatrice urbaine&nbsp;\u00bb. Ouvert \u00e0 l\u2019interpr\u00e9tation, l\u2019id\u00e9e d\u2019une cicatrice, qui s\u2019est form\u00e9e dans la vall\u00e9e o\u00f9 se trouve le site post-industriel d\u2019aujourd\u2019hui, constitue le fil rouge de la &#8230;<\/p>\n","protected":false},"author":9,"featured_media":0,"parent":0,"menu_order":0,"comment_status":"closed","ping_status":"closed","template":"templates\/fullwidth.php","meta":{"footnotes":""},"class_list":["post-2325","page","type-page","status-publish","hentry"],"_links":{"self":[{"href":"https:\/\/dkollektiv.org\/dkollage\/wp-json\/wp\/v2\/pages\/2325","targetHints":{"allow":["GET"]}}],"collection":[{"href":"https:\/\/dkollektiv.org\/dkollage\/wp-json\/wp\/v2\/pages"}],"about":[{"href":"https:\/\/dkollektiv.org\/dkollage\/wp-json\/wp\/v2\/types\/page"}],"author":[{"embeddable":true,"href":"https:\/\/dkollektiv.org\/dkollage\/wp-json\/wp\/v2\/users\/9"}],"replies":[{"embeddable":true,"href":"https:\/\/dkollektiv.org\/dkollage\/wp-json\/wp\/v2\/comments?post=2325"}],"version-history":[{"count":6,"href":"https:\/\/dkollektiv.org\/dkollage\/wp-json\/wp\/v2\/pages\/2325\/revisions"}],"predecessor-version":[{"id":2557,"href":"https:\/\/dkollektiv.org\/dkollage\/wp-json\/wp\/v2\/pages\/2325\/revisions\/2557"}],"wp:attachment":[{"href":"https:\/\/dkollektiv.org\/dkollage\/wp-json\/wp\/v2\/media?parent=2325"}],"curies":[{"name":"wp","href":"https:\/\/api.w.org\/{rel}","templated":true}]}}