{"id":2453,"date":"2023-11-21T12:15:08","date_gmt":"2023-11-21T11:15:08","guid":{"rendered":"https:\/\/dkollektiv.org\/dkollage\/?page_id=2453"},"modified":"2024-11-22T18:10:02","modified_gmt":"2024-11-22T17:10:02","slug":"alertes","status":"publish","type":"page","link":"https:\/\/dkollektiv.org\/dkollage\/alertes\/","title":{"rendered":"Alertes !"},"content":{"rendered":"\n<hr class=\"wp-block-separator has-text-color has-black-color has-css-opacity has-black-background-color has-background\"\/>\n\n\n\n<p>Les alertes sont des \u00e9v\u00e8nements originaux, organis\u00e9s pour les cl\u00f4tures de saison, les inaugurations et d\u2019autres occasions festives. Ces \u00e9v\u00e8nements combinent une programmation sp\u00e9cifique, des performances (musique, danse, lecture, &#8230;) et la pr\u00e9sentation d&rsquo;autres cr\u00e9ations artistiques avec un encadrement culinaire.<\/p>\n\n\n\n<p>Attention ! Ce sont nos \u00e9v\u00e8nements \u00e0 ne pas rater &#8230;<\/p>\n\n\n\n\n\n<div class=\"wp-block-group is-nowrap is-layout-flex wp-container-core-group-is-layout-ad2f72ca wp-block-group-is-layout-flex\">\n<p><img loading=\"lazy\" decoding=\"async\" width=\"1200\" height=\"1682\" class=\"wp-image-2615\" style=\"width: 1200px;\" src=\"https:\/\/dkollektiv.org\/wp-content\/uploads\/2024\/09\/IMG_2321.jpeg\" alt=\"\" srcset=\"https:\/\/dkollektiv.org\/wp-content\/uploads\/2024\/09\/IMG_2321.jpeg 1156w, https:\/\/dkollektiv.org\/wp-content\/uploads\/2024\/09\/IMG_2321-214x300.jpeg 214w, https:\/\/dkollektiv.org\/wp-content\/uploads\/2024\/09\/IMG_2321-731x1024.jpeg 731w, https:\/\/dkollektiv.org\/wp-content\/uploads\/2024\/09\/IMG_2321-768x1076.jpeg 768w, https:\/\/dkollektiv.org\/wp-content\/uploads\/2024\/09\/IMG_2321-1096x1536.jpeg 1096w\" sizes=\"auto, (max-width: 1200px) 100vw, 1200px\" \/><\/p>\n<\/div>\n\n\n\n<p><\/p>\n\n\n\n<p>ALERTE 4 : \u00ab sols et sous-sols \u00bb<\/p>\n\n\n\n<p>Pr\u00e9sentation d\u2019\u0153uvres artistiques r\u00e9alis\u00e9es \u00e0 Dudelange<\/p>\n\n\n\n<p>\u00c0 partir du 12 octobre, le DKollektiv invite \u00e0 d\u00e9couvrir les r\u00e9sultats d\u2019une recherche collective, qui inclut des installations, des sculptures et des performances, \u00e0 l\u2019espace de cr\u00e9ation vestiaire-wagonnage (VEWA) et \u00e0 la r\u00e9serve naturelle \u00ab Haard \u00bb.<\/p>\n\n\n\n<p>Pour la saison culturelle de 2024, l\u2019association DKollektiv a lanc\u00e9 un appel \u00e0 projets et a choisi la th\u00e9matique \u00ab sols et sous-sols \u00bb.<\/p>\n\n\n\n<p>Suite aux exp\u00e9riences fructueuses de la troisi\u00e8me saison, d\u00e9di\u00e9e \u00e0 la th\u00e9matique \u00ab cicatrice urbaine \u00bb, le DKollektiv soutient \u00e0 nouveau la cr\u00e9ation, l\u2019\u00e9change d\u2019id\u00e9es et de pratiques, \u00e0 l\u2019espace de cr\u00e9ation VEWA du site Neischmelz \u00e0 Dudelange<\/p>\n\n\n\n<p>La th\u00e9matique \u00ab sols et sous-sols \u00bb offre l\u2019occasion \u00e0 de nouvelles recherches en lien avec l\u2019histoire et le devenir du site de l\u2019industrie sid\u00e9rurgique. La r\u00e9gion transfrontali\u00e8re Minette, le site post-industriel et ses sous-sols ainsi que la r\u00e9serve naturelle Haard sont des espaces o\u00f9 la nature se manifeste \u00e0 travers le changement constant. En donnant une visibilit\u00e9 aux vestiges industriels et en entrant en contact avec la terre, il devient possible d\u2019observer les traces d\u2019un pass\u00e9 souvent lointain, de vivre la transformation qui y a eu lieu et qui continue \u00e0 remuer le site.<\/p>\n\n\n\n<ul class=\"wp-block-list\">\n<li>Le vernissage a lieu samedi, le 12 octobre de 17h00 \u00e0 22h00.<\/li>\n\n\n\n<li>Le 13 octobre \u00e0 partir de 10h30 une excursion \u00e0 la r\u00e9serve naturelle Haard est propos\u00e9e.<\/li>\n\n\n\n<li>Les \u0153uvres seront \u00e9galement visibles lors de notre permanence du mercredi 16 octobre de 16h00 \u00e0 22h00.<\/li>\n\n\n\n<li>Le finissage a lieu vendredi, le 18 octobre de 18h00- 22h00.<\/li>\n<\/ul>\n\n\n\n<p>Artistes:<\/p>\n\n\n\n<p>Serge Ecker, Dijana Engelmann, Misch Feinen, Danielle Goergen, Nicolas Graf, Georges Hallenbach, Claude Keup, Eric Marx, Camille Reiter, Erwin Reiter, Hector Theoulakis, Viktoria Vanyi, Yoann, Vlaiconi, Murielle Wagener, Tom Waldbillig, Rico Winandy<\/p>\n\n\n\n<p>Avec le soutien du Minist\u00e8re de la Culture et de la Ville de Dudelange.<\/p>\n\n\n\n<p><br><\/p>\n","protected":false},"excerpt":{"rendered":"<p>Les alertes sont des \u00e9v\u00e8nements originaux, organis\u00e9s pour les cl\u00f4tures de saison, les inaugurations et d\u2019autres occasions festives. Ces \u00e9v\u00e8nements combinent une programmation sp\u00e9cifique, des performances (musique, danse, lecture, &#8230;) et la pr\u00e9sentation d&rsquo;autres cr\u00e9ations artistiques avec un encadrement culinaire. Attention ! Ce sont nos \u00e9v\u00e8nements \u00e0 ne pas rater &#8230; ALERTE 4 : \u00ab &#8230;<\/p>\n","protected":false},"author":2,"featured_media":0,"parent":0,"menu_order":0,"comment_status":"closed","ping_status":"closed","template":"","meta":{"footnotes":""},"class_list":["post-2453","page","type-page","status-publish","hentry"],"_links":{"self":[{"href":"https:\/\/dkollektiv.org\/dkollage\/wp-json\/wp\/v2\/pages\/2453","targetHints":{"allow":["GET"]}}],"collection":[{"href":"https:\/\/dkollektiv.org\/dkollage\/wp-json\/wp\/v2\/pages"}],"about":[{"href":"https:\/\/dkollektiv.org\/dkollage\/wp-json\/wp\/v2\/types\/page"}],"author":[{"embeddable":true,"href":"https:\/\/dkollektiv.org\/dkollage\/wp-json\/wp\/v2\/users\/2"}],"replies":[{"embeddable":true,"href":"https:\/\/dkollektiv.org\/dkollage\/wp-json\/wp\/v2\/comments?post=2453"}],"version-history":[{"count":5,"href":"https:\/\/dkollektiv.org\/dkollage\/wp-json\/wp\/v2\/pages\/2453\/revisions"}],"predecessor-version":[{"id":2634,"href":"https:\/\/dkollektiv.org\/dkollage\/wp-json\/wp\/v2\/pages\/2453\/revisions\/2634"}],"wp:attachment":[{"href":"https:\/\/dkollektiv.org\/dkollage\/wp-json\/wp\/v2\/media?parent=2453"}],"curies":[{"name":"wp","href":"https:\/\/api.w.org\/{rel}","templated":true}]}}